{"id":6112,"date":"2023-07-21T06:57:43","date_gmt":"2023-07-21T06:57:43","guid":{"rendered":"https:\/\/cumhuriyetinaydinlanmaonculeri.com\/?page_id=6112"},"modified":"2024-07-09T10:20:12","modified_gmt":"2024-07-09T10:20:12","slug":"medyada-biz","status":"publish","type":"page","link":"https:\/\/cumhuriyetinaydinlanmaonculeri.com\/index.php\/medyada-biz\/","title":{"rendered":"Medyada Biz"},"content":{"rendered":"[vc_row type=&#8221;in_container&#8221; full_screen_row_position=&#8221;middle&#8221; column_margin=&#8221;default&#8221; column_direction=&#8221;default&#8221; column_direction_tablet=&#8221;default&#8221; column_direction_phone=&#8221;default&#8221; scene_position=&#8221;center&#8221; text_color=&#8221;dark&#8221; text_align=&#8221;left&#8221; row_border_radius=&#8221;none&#8221; row_border_radius_applies=&#8221;bg&#8221; overflow=&#8221;visible&#8221; overlay_strength=&#8221;0.3&#8243; gradient_direction=&#8221;left_to_right&#8221; shape_divider_position=&#8221;bottom&#8221; bg_image_animation=&#8221;none&#8221;][vc_column column_padding=&#8221;no-extra-padding&#8221; column_padding_tablet=&#8221;inherit&#8221; column_padding_phone=&#8221;inherit&#8221; column_padding_position=&#8221;all&#8221; column_element_direction_desktop=&#8221;default&#8221; column_element_spacing=&#8221;default&#8221; desktop_text_alignment=&#8221;default&#8221; tablet_text_alignment=&#8221;default&#8221; phone_text_alignment=&#8221;default&#8221; background_color_opacity=&#8221;1&#8243; background_hover_color_opacity=&#8221;1&#8243; column_backdrop_filter=&#8221;none&#8221; column_shadow=&#8221;none&#8221; column_border_radius=&#8221;none&#8221; column_link_target=&#8221;_self&#8221; column_position=&#8221;default&#8221; gradient_direction=&#8221;left_to_right&#8221; overlay_strength=&#8221;0.3&#8243; width=&#8221;1\/1&#8243; tablet_width_inherit=&#8221;default&#8221; animation_type=&#8221;default&#8221; bg_image_animation=&#8221;none&#8221; border_type=&#8221;simple&#8221; column_border_width=&#8221;none&#8221; column_border_style=&#8221;solid&#8221;][divider line_type=&#8221;Full Width Line&#8221; line_thickness=&#8221;1&#8243; divider_color=&#8221;accent-color&#8221;][vc_column_text]<span style=\"font-weight: 400;\"><a href=\"https:\/\/aposto.com\/s\/prof-dr-ismail-hakki-oz-bozkirdan-dresdene-bir-muhendisin\" target=\"_blank\" rel=\"noopener\"><img loading=\"lazy\" decoding=\"async\" class=\"alignleft wp-image-6789\" src=\"https:\/\/cumhuriyetinaydinlanmaonculeri.com\/wp-content\/uploads\/2024\/07\/CAO_Ismail_Hakki_Oz.jpg\" alt=\"\" width=\"250\" height=\"164\" srcset=\"https:\/\/cumhuriyetinaydinlanmaonculeri.com\/wp-content\/uploads\/2024\/07\/CAO_Ismail_Hakki_Oz.jpg 947w, https:\/\/cumhuriyetinaydinlanmaonculeri.com\/wp-content\/uploads\/2024\/07\/CAO_Ismail_Hakki_Oz-300x196.jpg 300w, https:\/\/cumhuriyetinaydinlanmaonculeri.com\/wp-content\/uploads\/2024\/07\/CAO_Ismail_Hakki_Oz-768x503.jpg 768w\" sizes=\"auto, (max-width: 250px) 100vw, 250px\" \/><\/a><a href=\"https:\/\/aposto.com\/\" target=\"_blank\" rel=\"noopener\">APOSTO<\/a>\u00a0s\u00f6yle\u015filerimiz devam ediyor.<br \/>\n<\/span><span style=\"font-weight: 400;\">2. D\u00fcnya Sava\u015f\u0131 y\u0131llar\u0131nda e\u011fitim i\u00e7in g\u00f6nderildi\u011fi Dresden&#8217;de bombard\u0131mandan sa\u011f \u00e7\u0131kan ve \u0130T\u00dc&#8217;n\u00fcn en sayg\u0131n makine m\u00fchendislerinden biri olarak Necmettin Erbakan&#8217;dan \u00d6zdemir Bayraktar&#8217;a pek \u00e7ok isme hocal\u0131k yapan Prof. Dr. \u0130smail Hakk\u0131 \u00d6z&#8217;\u00fc k\u0131z\u0131 H\u00fclya \u00d6z&#8217;den dinledik. <\/span>Keyifli okumalar!<\/p>\n<p><a href=\"https:\/\/aposto.com\/s\/prof-dr-ismail-hakki-oz-bozkirdan-dresdene-bir-muhendisin\" target=\"_blank\" rel=\"noopener\">Aposto | Prof. Dr. \u0130smail Hakk\u0131 \u00d6z: Bozk\u0131r&#8217;dan Dresden&#8217;e bir m\u00fchendisin \u00f6yk\u00fcs\u00fc<\/a>[\/vc_column_text][divider line_type=&#8221;Full Width Line&#8221; line_thickness=&#8221;1&#8243; divider_color=&#8221;accent-color&#8221;][vc_column_text]<span style=\"font-weight: 400;\"><a href=\"https:\/\/cumhuriyetinaydinlanmaonculeri.com\/wp-content\/uploads\/2024\/07\/HBT_425__Kamile_Sevki_Mutlu.pdf\" target=\"_blank\" rel=\"noopener\"><img loading=\"lazy\" decoding=\"async\" class=\"alignleft wp-image-6801\" src=\"https:\/\/cumhuriyetinaydinlanmaonculeri.com\/wp-content\/uploads\/2024\/07\/Kamile_Sevki_Mutlu-1.jpg\" alt=\"\" width=\"250\" height=\"145\" srcset=\"https:\/\/cumhuriyetinaydinlanmaonculeri.com\/wp-content\/uploads\/2024\/07\/Kamile_Sevki_Mutlu-1.jpg 1181w, https:\/\/cumhuriyetinaydinlanmaonculeri.com\/wp-content\/uploads\/2024\/07\/Kamile_Sevki_Mutlu-1-300x175.jpg 300w, https:\/\/cumhuriyetinaydinlanmaonculeri.com\/wp-content\/uploads\/2024\/07\/Kamile_Sevki_Mutlu-1-1024x596.jpg 1024w, https:\/\/cumhuriyetinaydinlanmaonculeri.com\/wp-content\/uploads\/2024\/07\/Kamile_Sevki_Mutlu-1-768x447.jpg 768w\" sizes=\"auto, (max-width: 250px) 100vw, 250px\" \/><\/a><a href=\"https:\/\/www.herkesebilimteknoloji.com\/\" target=\"_blank\" rel=\"noopener\">Herkese Bilim ve Teknoloji (HBT) Dergisi<\/a> i\u015fbirli\u011fi ile y\u00fcr\u00fctt\u00fc\u011f\u00fcm\u00fcz yaz\u0131 dizimiz devam ediyor! 6 Haziran<\/span> 2024 tarihli ve 425. say\u0131l\u0131 HBT Dergisi&#8217;nde \u201cKamile \u015eevki Mutlu: \u0130lk T\u00fcrk kad\u0131n patoloji uzman\u0131\u201d ba\u015fl\u0131\u011f\u0131yla &#8220;k\u0131v\u0131lc\u0131mlar&#8221; hakk\u0131ndaki yeni yaz\u0131m\u0131z\u0131 bulabilirsiniz.<\/p>\n<p><a href=\"https:\/\/cumhuriyetinaydinlanmaonculeri.com\/wp-content\/uploads\/2024\/07\/HBT_425__Kamile_Sevki_Mutlu.pdf\" target=\"_blank\" rel=\"noopener\">HBT Dergisi I Kamile \u015eevki Mutlu: \u0130lk T\u00fcrk kad\u0131n patoloji uzman\u0131<\/a>[\/vc_column_text][divider line_type=&#8221;Full Width Line&#8221; line_thickness=&#8221;1&#8243; divider_color=&#8221;accent-color&#8221;][vc_column_text]<span style=\"font-weight: 400;\"><a href=\"https:\/\/aposto.com\/s\/eski-bakan-mustesna-bir-is-insani-kizinin-agzindan-sahap\" target=\"_blank\" rel=\"noopener\"><img loading=\"lazy\" decoding=\"async\" class=\"alignleft wp-image-6793\" src=\"https:\/\/cumhuriyetinaydinlanmaonculeri.com\/wp-content\/uploads\/2024\/07\/CAO_Sahap_Kocatopcu.jpg\" alt=\"\" width=\"250\" height=\"168\" srcset=\"https:\/\/cumhuriyetinaydinlanmaonculeri.com\/wp-content\/uploads\/2024\/07\/CAO_Sahap_Kocatopcu.jpg 868w, https:\/\/cumhuriyetinaydinlanmaonculeri.com\/wp-content\/uploads\/2024\/07\/CAO_Sahap_Kocatopcu-300x201.jpg 300w, https:\/\/cumhuriyetinaydinlanmaonculeri.com\/wp-content\/uploads\/2024\/07\/CAO_Sahap_Kocatopcu-768x516.jpg 768w, https:\/\/cumhuriyetinaydinlanmaonculeri.com\/wp-content\/uploads\/2024\/07\/CAO_Sahap_Kocatopcu-600x403.jpg 600w, https:\/\/cumhuriyetinaydinlanmaonculeri.com\/wp-content\/uploads\/2024\/07\/CAO_Sahap_Kocatopcu-400x269.jpg 400w\" sizes=\"auto, (max-width: 250px) 100vw, 250px\" \/><\/a><a href=\"https:\/\/aposto.com\/\" target=\"_blank\" rel=\"noopener\">APOSTO<\/a>\u00a0s\u00f6yle\u015filerimiz devam ediyor.<br \/>\n<\/span><span style=\"font-weight: 400;\">T\u00fcrk E\u011fitim Vakf\u0131&#8217;n\u0131n kurucu \u00fcyesi, eski bakanlardan \u015eahap Kocatop\u00e7u, 26 y\u0131l \u015ei\u015fecam&#8217;\u0131n genel m\u00fcd\u00fcrl\u00fck koltu\u011funda oturarak bir rekora imza atm\u0131\u015f; T\u00dcS\u0130AD Ba\u015fkanl\u0131\u011f\u0131&#8217;ndan Galatasaray Kul\u00fcb\u00fc&#8217;ne pek \u00e7ok kurumda g\u00f6rev alm\u0131\u015ft\u0131. Cumhuriyet&#8217;in yurt d\u0131\u015f\u0131na g\u00f6nderdi\u011fi &#8220;k\u0131v\u0131lc\u0131m&#8221;lardan Kocatop\u00e7u&#8217;yu, k\u0131z\u0131 Ay\u015fe Tukin&#8217;den dinliyoruz. <\/span>Keyifli okumalar!<\/p>\n<p><a href=\"https:\/\/aposto.com\/s\/eski-bakan-mustesna-bir-is-insani-kizinin-agzindan-sahap\" target=\"_blank\" rel=\"noopener\">Aposto | Eski bakan, m\u00fcstesna bir i\u015f insan\u0131: K\u0131z\u0131n\u0131n a\u011fz\u0131ndan \u015eahap Kocatop\u00e7u<\/a>[\/vc_column_text][divider line_type=&#8221;Full Width Line&#8221; line_thickness=&#8221;1&#8243; divider_color=&#8221;accent-color&#8221;][vc_column_text]<span style=\"font-weight: 400;\"><a href=\"https:\/\/cumhuriyetinaydinlanmaonculeri.com\/wp-content\/uploads\/2024\/05\/HBT_Nejat_Eczacibasi_422_16052024.pdf\" target=\"_blank\" rel=\"noopener\"><img loading=\"lazy\" decoding=\"async\" class=\"alignleft wp-image-6776\" src=\"https:\/\/cumhuriyetinaydinlanmaonculeri.com\/wp-content\/uploads\/2024\/05\/Nejat.jpg\" alt=\"\" width=\"250\" height=\"129\" srcset=\"https:\/\/cumhuriyetinaydinlanmaonculeri.com\/wp-content\/uploads\/2024\/05\/Nejat.jpg 1206w, https:\/\/cumhuriyetinaydinlanmaonculeri.com\/wp-content\/uploads\/2024\/05\/Nejat-300x155.jpg 300w, https:\/\/cumhuriyetinaydinlanmaonculeri.com\/wp-content\/uploads\/2024\/05\/Nejat-1024x529.jpg 1024w, https:\/\/cumhuriyetinaydinlanmaonculeri.com\/wp-content\/uploads\/2024\/05\/Nejat-768x397.jpg 768w\" sizes=\"auto, (max-width: 250px) 100vw, 250px\" \/><\/a><a href=\"https:\/\/www.herkesebilimteknoloji.com\/\" target=\"_blank\" rel=\"noopener\">Herkese Bilim ve Teknoloji (HBT) Dergisi<\/a> i\u015fbirli\u011fi ile y\u00fcr\u00fctt\u00fc\u011f\u00fcm\u00fcz yaz\u0131 dizimiz devam ediyor! 16 May\u0131s<\/span> 2024 tarihli ve 422. say\u0131l\u0131 HBT Dergisi&#8217;nde \u201c\u0130la\u00e7 sanayinin sanatsever beyefendisi: NEJAT ECZACIBA\u015eI\u201d ba\u015fl\u0131\u011f\u0131yla &#8220;k\u0131v\u0131lc\u0131mlar&#8221; hakk\u0131ndaki yeni yaz\u0131m\u0131z\u0131 bulabilirsiniz.<\/p>\n<p><a href=\"https:\/\/cumhuriyetinaydinlanmaonculeri.com\/wp-content\/uploads\/2024\/05\/HBT_Nejat_Eczacibasi_422_16052024.pdf\" target=\"_blank\" rel=\"noopener\">HBT Dergisi I \u0130la\u00e7 sanayinin sanatsever beyefendisi: NEJAT ECZACIBA\u015eI<\/a>[\/vc_column_text][divider line_type=&#8221;Full Width Line&#8221; line_thickness=&#8221;1&#8243; divider_color=&#8221;accent-color&#8221;][vc_column_text]<span style=\"font-weight: 400;\"><a href=\"https:\/\/aposto.com\/s\/23-nisani-dunyaya-tanitan-gazeteci-iffet-aslan\"><img loading=\"lazy\" decoding=\"async\" class=\"wp-image-6767 alignleft\" src=\"https:\/\/cumhuriyetinaydinlanmaonculeri.com\/wp-content\/uploads\/2024\/04\/Iffet_Aslan.jpg\" alt=\"\" width=\"250\" height=\"168\" srcset=\"https:\/\/cumhuriyetinaydinlanmaonculeri.com\/wp-content\/uploads\/2024\/04\/Iffet_Aslan.jpg 868w, https:\/\/cumhuriyetinaydinlanmaonculeri.com\/wp-content\/uploads\/2024\/04\/Iffet_Aslan-300x201.jpg 300w, https:\/\/cumhuriyetinaydinlanmaonculeri.com\/wp-content\/uploads\/2024\/04\/Iffet_Aslan-768x516.jpg 768w, https:\/\/cumhuriyetinaydinlanmaonculeri.com\/wp-content\/uploads\/2024\/04\/Iffet_Aslan-600x403.jpg 600w, https:\/\/cumhuriyetinaydinlanmaonculeri.com\/wp-content\/uploads\/2024\/04\/Iffet_Aslan-400x269.jpg 400w\" sizes=\"auto, (max-width: 250px) 100vw, 250px\" \/><\/a><a href=\"https:\/\/aposto.com\/\" target=\"_blank\" rel=\"noopener\">APOSTO<\/a>\u00a0s\u00f6yle\u015filerimiz devam ediyor.<\/span><\/p>\n<p><span style=\"font-weight: 400;\">23 Nisan&#8217;\u0131 d\u00fcnyaya tan\u0131tmak ve uluslararas\u0131 bir \u00e7ocuk bayram\u0131 h\u00e2line getirmek konusunda \u00e7ok b\u00fcy\u00fck \u00e7abas\u0131 ve katk\u0131s\u0131 olan gazeteci \u0130ffet Aslan&#8217;\u0131, k\u0131z\u0131 Dr. Asl\u0131han Turhan&#8217;dan dinledik. <\/span>Keyifli okumalar!<\/p>\n<p><a href=\"https:\/\/aposto.com\/s\/23-nisani-dunyaya-tanitan-gazeteci-iffet-aslan\" target=\"_blank\" rel=\"noopener\">Aposto | 23 Nisan&#8217;\u0131 d\u00fcnyaya tan\u0131tan gazeteci: \u0130ffet Aslan<\/a>[\/vc_column_text][divider line_type=&#8221;Full Width Line&#8221; line_thickness=&#8221;1&#8243; divider_color=&#8221;accent-color&#8221;][vc_column_text]<span style=\"font-weight: 400;\"><a href=\"https:\/\/aposto.com\/\" target=\"_blank\" rel=\"noopener\">APOSTO<\/a><a href=\"https:\/\/aposto.com\/s\/kayseriden-almanyaya-karayollarindan-bakanliga-hasan-tahsin\" target=\"_blank\" rel=\"noopener\"><img loading=\"lazy\" decoding=\"async\" class=\"wp-image-6764 alignleft\" src=\"https:\/\/cumhuriyetinaydinlanmaonculeri.com\/wp-content\/uploads\/2024\/04\/Tahsin_Onalp.jpg\" alt=\"\" width=\"250\" height=\"166\" srcset=\"https:\/\/cumhuriyetinaydinlanmaonculeri.com\/wp-content\/uploads\/2024\/04\/Tahsin_Onalp.jpg 871w, https:\/\/cumhuriyetinaydinlanmaonculeri.com\/wp-content\/uploads\/2024\/04\/Tahsin_Onalp-300x200.jpg 300w, https:\/\/cumhuriyetinaydinlanmaonculeri.com\/wp-content\/uploads\/2024\/04\/Tahsin_Onalp-768x511.jpg 768w\" sizes=\"auto, (max-width: 250px) 100vw, 250px\" \/><\/a>\u00a0s\u00f6yle\u015filerimiz devam ediyor.<br \/>\n<\/span><span style=\"font-weight: 400;\">Bu yaz\u0131m\u0131zda Kayseri do\u011fumlu Hasan Tahsin \u00d6nalp&#8217;in Kayseri&#8217;den ba\u015flay\u0131p devlet s\u0131nav\u0131yla gitti\u011fi Almanya&#8217;daki doktora e\u011fitimine, \u00fcniversite kadrosu a\u00e7\u0131lmad\u0131\u011f\u0131 i\u00e7in girdi\u011fi Karayollar\u0131 Genel M\u00fcd\u00fcrl\u00fc\u011f\u00fc&#8217;nden Bay\u0131nd\u0131rl\u0131k ve \u0130skan Bakanl\u0131\u011f\u0131&#8217;na uzanan \u00f6yk\u00fcs\u00fcn\u00fc o\u011flu Sinan \u00d6nalp&#8217;ten dinledik. <\/span>Keyifli okumalar!<\/p>\n<p><a href=\"https:\/\/aposto.com\/s\/kayseriden-almanyaya-karayollarindan-bakanliga-hasan-tahsin\" target=\"_blank\" rel=\"noopener\">Aposto | Kayseri&#8217;den Almanya&#8217;ya, Karayollar\u0131&#8217;ndan bakanl\u0131\u011fa Hasan Tahsin \u00d6nalp<\/a>[\/vc_column_text][divider line_type=&#8221;Full Width Line&#8221; line_thickness=&#8221;1&#8243; divider_color=&#8221;accent-color&#8221;][vc_column_text]<span style=\"font-weight: 400;\"><a href=\"https:\/\/aposto.com\/s\/arkeolojiden-olimpiyata-cizgi-disi-bir-kadin-halet-cambel\"><img loading=\"lazy\" decoding=\"async\" class=\"alignleft wp-image-6761\" src=\"https:\/\/cumhuriyetinaydinlanmaonculeri.com\/wp-content\/uploads\/2024\/04\/Halet_Cambel.jpg\" alt=\"\" width=\"250\" height=\"165\" srcset=\"https:\/\/cumhuriyetinaydinlanmaonculeri.com\/wp-content\/uploads\/2024\/04\/Halet_Cambel.jpg 889w, https:\/\/cumhuriyetinaydinlanmaonculeri.com\/wp-content\/uploads\/2024\/04\/Halet_Cambel-300x197.jpg 300w, https:\/\/cumhuriyetinaydinlanmaonculeri.com\/wp-content\/uploads\/2024\/04\/Halet_Cambel-768x505.jpg 768w\" sizes=\"auto, (max-width: 250px) 100vw, 250px\" \/><\/a><a href=\"https:\/\/aposto.com\/\" target=\"_blank\" rel=\"noopener\">APOSTO<\/a>\u00a0s\u00f6yle\u015filerimiz devam ediyor.<\/span><\/p>\n<p><span style=\"font-weight: 400;\">Yani yaz\u0131m\u0131zda, T\u00fcrkiye\u2019nin ilk a\u00e7\u0131k hava m\u00fczesini kuran, Olimpiyat&#8217;a kat\u0131lan ilk T\u00fcrk ve ilk M\u00fcsl\u00fcman kad\u0131n olan Cumhuriyetin \u00f6nc\u00fc isimlerinden Halet \u00c7ambel\u2019i konu ald\u0131k. <\/span>Keyifli okumalar!<\/p>\n<p><a href=\"https:\/\/aposto.com\/s\/arkeolojiden-olimpiyata-cizgi-disi-bir-kadin-halet-cambel\" target=\"_blank\" rel=\"noopener\">Aposto | Arkeolojiden Olimpiyat&#8217;a \u00e7izgi d\u0131\u015f\u0131 bir kad\u0131n: Halet \u00c7ambel<\/a>[\/vc_column_text][divider line_type=&#8221;Full Width Line&#8221; line_thickness=&#8221;1&#8243; divider_color=&#8221;accent-color&#8221;][vc_column_text]<span style=\"font-weight: 400;\"><a href=\"https:\/\/www.herkesebilimteknoloji.com\/\" target=\"_blank\" rel=\"noopener\"><img loading=\"lazy\" decoding=\"async\" class=\"alignleft wp-image-6755\" src=\"https:\/\/cumhuriyetinaydinlanmaonculeri.com\/wp-content\/uploads\/2024\/03\/Nuzhet_Gokdogan-1.jpg\" alt=\"\" width=\"250\" height=\"143\" srcset=\"https:\/\/cumhuriyetinaydinlanmaonculeri.com\/wp-content\/uploads\/2024\/03\/Nuzhet_Gokdogan-1.jpg 1310w, https:\/\/cumhuriyetinaydinlanmaonculeri.com\/wp-content\/uploads\/2024\/03\/Nuzhet_Gokdogan-1-300x172.jpg 300w, https:\/\/cumhuriyetinaydinlanmaonculeri.com\/wp-content\/uploads\/2024\/03\/Nuzhet_Gokdogan-1-1024x586.jpg 1024w, https:\/\/cumhuriyetinaydinlanmaonculeri.com\/wp-content\/uploads\/2024\/03\/Nuzhet_Gokdogan-1-768x440.jpg 768w\" sizes=\"auto, (max-width: 250px) 100vw, 250px\" \/><\/a><a href=\"https:\/\/www.herkesebilimteknoloji.com\/\" target=\"_blank\" rel=\"noopener\">Herkese Bilim ve Teknoloji (HBT) Dergisi<\/a> i\u015fbirli\u011fi ile y\u00fcr\u00fctt\u00fc\u011f\u00fcm\u00fcz yaz\u0131 dizimiz devam ediyor! 07 Mart<\/span> 2024 tarihli ve 413. say\u0131l\u0131 HBT Dergisi&#8217;nde \u201cCumhuriyetin I\u015f\u0131\u011f\u0131yla Parlayan Bir Kutup Y\u0131ld\u0131z\u0131: N\u00fczhet G\u00f6kdo\u011fan\u201d ba\u015fl\u0131\u011f\u0131yla &#8220;k\u0131v\u0131lc\u0131mlar&#8221; hakk\u0131ndaki d\u00f6rd\u00fcnc\u00fc yaz\u0131m\u0131z\u0131 bulabilirsiniz.<\/p>\n<p><a href=\"https:\/\/cumhuriyetinaydinlanmaonculeri.com\/wp-content\/uploads\/2024\/03\/HBT_413_Nuzhet_Gokdogan.pdf\" target=\"_blank\" rel=\"noopener\">HBT Dergisi I Cumhuriyetin I\u015f\u0131\u011f\u0131yla Parlayan Bir Kutup Y\u0131ld\u0131z\u0131: N\u00fczhet G\u00f6kdo\u011fan<\/a>[\/vc_column_text][divider line_type=&#8221;Full Width Line&#8221; line_thickness=&#8221;1&#8243; divider_color=&#8221;accent-color&#8221;][vc_column_text]<span style=\"font-weight: 400;\"><a href=\"https:\/\/aposto.com\/\" target=\"_blank\" rel=\"noopener\"><img loading=\"lazy\" decoding=\"async\" class=\"alignleft wp-image-6753\" src=\"https:\/\/cumhuriyetinaydinlanmaonculeri.com\/wp-content\/uploads\/2024\/03\/Adnan_Otuken.jpg\" alt=\"\" width=\"250\" height=\"169\" srcset=\"https:\/\/cumhuriyetinaydinlanmaonculeri.com\/wp-content\/uploads\/2024\/03\/Adnan_Otuken.jpg 892w, https:\/\/cumhuriyetinaydinlanmaonculeri.com\/wp-content\/uploads\/2024\/03\/Adnan_Otuken-300x203.jpg 300w, https:\/\/cumhuriyetinaydinlanmaonculeri.com\/wp-content\/uploads\/2024\/03\/Adnan_Otuken-768x520.jpg 768w, https:\/\/cumhuriyetinaydinlanmaonculeri.com\/wp-content\/uploads\/2024\/03\/Adnan_Otuken-600x403.jpg 600w, https:\/\/cumhuriyetinaydinlanmaonculeri.com\/wp-content\/uploads\/2024\/03\/Adnan_Otuken-400x269.jpg 400w\" sizes=\"auto, (max-width: 250px) 100vw, 250px\" \/><\/a><a href=\"https:\/\/aposto.com\/\" target=\"_blank\" rel=\"noopener\">APOSTO<\/a>\u00a0s\u00f6yle\u015filerimiz devam ediyor.<\/span><\/p>\n<p><span style=\"font-weight: 400;\">Bu yaz\u0131m\u0131zda Cumhuriyet D\u00f6nemi T\u00fcrk k\u00fct\u00fcphanecili\u011finin \u00f6nc\u00fcs\u00fc, T\u00fcrkiye\u2019deki ilk K\u00fct\u00fcphanecilik B\u00f6l\u00fcm\u00fc&#8217;n\u00fcn Kurucusu Adnan \u00d6t\u00fcken&#8217;i Hacettepe \u00dcniversitesi Bilgi ve Belge Y\u00f6netimi B\u00f6l\u00fcm\u00fc \u00d6\u011fretim \u00dcyesi Prof. Dr. B\u00fclent Y\u0131lmaz ile konu\u015ftuk. <\/span>Keyifli okumalar!<\/p>\n<p><a href=\"https:\/\/aposto.com\/s\/turk-kutuphaneciliginin-oncusu-adnan-otuken\" target=\"_blank\" rel=\"noopener\">Aposto | T\u00fcrk k\u00fct\u00fcphanecili\u011finin \u00f6nc\u00fcs\u00fc: Adnan \u00d6t\u00fcken<\/a>[\/vc_column_text][divider line_type=&#8221;Full Width Line&#8221; line_thickness=&#8221;1&#8243; divider_color=&#8221;accent-color&#8221;][vc_column_text]<span style=\"font-weight: 400;\"><a href=\"https:\/\/aposto.com\/\" target=\"_blank\" rel=\"noopener\">APOSTO<\/a><a href=\"https:\/\/aposto.com\/\" target=\"_blank\" rel=\"noopener\"><img loading=\"lazy\" decoding=\"async\" class=\"alignleft wp-image-6742\" src=\"https:\/\/cumhuriyetinaydinlanmaonculeri.com\/wp-content\/uploads\/2024\/02\/Jale_Inan.jpg\" alt=\"\" width=\"250\" height=\"167\" srcset=\"https:\/\/cumhuriyetinaydinlanmaonculeri.com\/wp-content\/uploads\/2024\/02\/Jale_Inan.jpg 864w, https:\/\/cumhuriyetinaydinlanmaonculeri.com\/wp-content\/uploads\/2024\/02\/Jale_Inan-300x201.jpg 300w, https:\/\/cumhuriyetinaydinlanmaonculeri.com\/wp-content\/uploads\/2024\/02\/Jale_Inan-768x514.jpg 768w, https:\/\/cumhuriyetinaydinlanmaonculeri.com\/wp-content\/uploads\/2024\/02\/Jale_Inan-600x403.jpg 600w, https:\/\/cumhuriyetinaydinlanmaonculeri.com\/wp-content\/uploads\/2024\/02\/Jale_Inan-400x269.jpg 400w\" sizes=\"auto, (max-width: 250px) 100vw, 250px\" \/><\/a>\u00a0s\u00f6yle\u015filerimiz devam ediyor.<\/span><\/p>\n<p><span style=\"font-weight: 400;\">Bu yaz\u0131m\u0131zda T\u00fcrkiye&#8217;nin ilk kad\u0131n arkeolo\u011fu Jale \u0130nan&#8217;\u0131, \u00f6\u011frencisi Nezih Ba\u015fgelen&#8217;den dinliyoruz. <\/span>Keyifli okumalar!<\/p>\n<p><a href=\"https:\/\/aposto.com\/s\/cumhuriyetin-ilk-kadin-arkeologu-jale-inan\" target=\"_blank\" rel=\"noopener\">Aposto | Cumhuriyetin ilk kad\u0131n arkeolo\u011fu: Jale \u0130nan<\/a>[\/vc_column_text][divider line_type=&#8221;Full Width Line&#8221; line_thickness=&#8221;1&#8243; divider_color=&#8221;accent-color&#8221;][vc_column_text]<span style=\"font-weight: 400;\"><a href=\"https:\/\/www.herkesebilimteknoloji.com\/\" target=\"_blank\" rel=\"noopener\">Herkese Bilim ve Teknoloji (HBT) Dergisi<\/a><a href=\"https:\/\/www.herkesebilimteknoloji.com\/\" target=\"_blank\" rel=\"noopener\"><img loading=\"lazy\" decoding=\"async\" class=\"alignleft wp-image-6736\" src=\"https:\/\/cumhuriyetinaydinlanmaonculeri.com\/wp-content\/uploads\/2024\/02\/CAO_HBT_Tahsin_Aygun.jpg\" alt=\"\" width=\"250\" height=\"162\" srcset=\"https:\/\/cumhuriyetinaydinlanmaonculeri.com\/wp-content\/uploads\/2024\/02\/CAO_HBT_Tahsin_Aygun.jpg 1280w, https:\/\/cumhuriyetinaydinlanmaonculeri.com\/wp-content\/uploads\/2024\/02\/CAO_HBT_Tahsin_Aygun-300x194.jpg 300w, https:\/\/cumhuriyetinaydinlanmaonculeri.com\/wp-content\/uploads\/2024\/02\/CAO_HBT_Tahsin_Aygun-1024x662.jpg 1024w, https:\/\/cumhuriyetinaydinlanmaonculeri.com\/wp-content\/uploads\/2024\/02\/CAO_HBT_Tahsin_Aygun-768x497.jpg 768w\" sizes=\"auto, (max-width: 250px) 100vw, 250px\" \/><\/a>\u00a0i\u015fbirli\u011fi ile y\u00fcr\u00fctt\u00fc\u011f\u00fcm\u00fcz yaz\u0131 dizimiz devam ediyor! <\/span>15 \u015eubat 2024 tarihli ve 410. say\u0131l\u0131 HBT Dergisi&#8217;nde \u201cT\u00fcrkiye\u2019yi thalidomide facias\u0131ndan kurtaran bilim kahraman\u0131: S\u00fcreyya Tahsin Ayg\u00fcn\u201d ba\u015fl\u0131\u011f\u0131yla &#8220;k\u0131v\u0131lc\u0131mlar&#8221; hakk\u0131ndaki \u00fc\u00e7\u00fcnc\u00fc yaz\u0131m\u0131z\u0131 bulabilirsiniz.<\/p>\n<p><a href=\"https:\/\/cumhuriyetinaydinlanmaonculeri.com\/wp-content\/uploads\/2024\/02\/HBT_Sureyya_Tahsin_Aygul_15022024.pdf\" target=\"_blank\" rel=\"noopener\">HBT Dergisi I T\u00fcrkiye\u2019yi thalidomide facias\u0131ndan kurtaran bilim kahraman\u0131: S\u00fcreyya Tahsin Ayg\u00fcn<\/a>[\/vc_column_text][divider line_type=&#8221;Full Width Line&#8221; line_thickness=&#8221;1&#8243; divider_color=&#8221;accent-color&#8221;][vc_column_text]<span style=\"font-weight: 400;\"><a href=\"https:\/\/aposto.com\/\" target=\"_blank\" rel=\"noopener\">APOSTO<\/a><a href=\"https:\/\/aposto.com\/\" target=\"_blank\" rel=\"noopener\"><img loading=\"lazy\" decoding=\"async\" class=\"alignleft wp-image-6723\" src=\"https:\/\/cumhuriyetinaydinlanmaonculeri.com\/wp-content\/uploads\/2024\/02\/HaleAsaf.jpeg\" alt=\"\" width=\"250\" height=\"190\" srcset=\"https:\/\/cumhuriyetinaydinlanmaonculeri.com\/wp-content\/uploads\/2024\/02\/HaleAsaf.jpeg 600w, https:\/\/cumhuriyetinaydinlanmaonculeri.com\/wp-content\/uploads\/2024\/02\/HaleAsaf-300x228.jpeg 300w\" sizes=\"auto, (max-width: 250px) 100vw, 250px\" \/><\/a>\u00a0s\u00f6yle\u015filerimize bir yenisi daha eklendi! Erken Cumhuriyet resim sanat\u0131n\u0131n ba\u015far\u0131l\u0131 temsilcisi Hale Asaf&#8217;\u0131n hayat\u0131n\u0131 ve T\u00fcrkiye sanat tarihindeki etkisini Prof. Dr. Nil\u00fcfer \u00d6ndin ile konu\u015fuyoruz.<\/span><\/p>\n<p>Keyifli okumalar!<\/p>\n<p><a href=\"https:\/\/aposto.com\/s\/cumhuriyetin-yetistirdigi-bir-kadin-ressam-hale-asaf\" target=\"_blank\" rel=\"noopener\">Aposto | Cumhuriyetin yeti\u015ftirdi\u011fi bir kad\u0131n ressam: Hale Asaf<\/a><\/p>\n[\/vc_column_text][divider line_type=&#8221;Full Width Line&#8221; line_thickness=&#8221;1&#8243; divider_color=&#8221;accent-color&#8221;][vc_column_text]<span style=\"font-weight: 400;\"><a href=\"https:\/\/aposto.com\/\" target=\"_blank\" rel=\"noopener\">APOSTO<\/a><a href=\"https:\/\/aposto.com\/\" target=\"_blank\" rel=\"noopener\"><img loading=\"lazy\" decoding=\"async\" class=\"alignleft wp-image-6719\" src=\"https:\/\/cumhuriyetinaydinlanmaonculeri.com\/wp-content\/uploads\/2024\/02\/Sadi_Irmak.png\" alt=\"\" width=\"250\" height=\"203\" srcset=\"https:\/\/cumhuriyetinaydinlanmaonculeri.com\/wp-content\/uploads\/2024\/02\/Sadi_Irmak.png 600w, https:\/\/cumhuriyetinaydinlanmaonculeri.com\/wp-content\/uploads\/2024\/02\/Sadi_Irmak-300x244.png 300w\" sizes=\"auto, (max-width: 250px) 100vw, 250px\" \/><\/a> yay\u0131nlar\u0131m\u0131z devam ediyor! Atat\u00fcrk&#8217;\u00fcn kendisine g\u00f6nderdi\u011fi telgrafta ge\u00e7en &#8220;Sizi birer k\u0131v\u0131lc\u0131m olarak go\u0308nderiyoruz, gu\u0308r alevler ha\u0302linde do\u0308nmelisiniz&#8221; s\u00f6z\u00fcnden ilhamla yurt d\u0131\u015f\u0131nda g\u00f6rd\u00fc\u011f\u00fc e\u011fitimin ard\u0131ndan T\u00fcrkiye&#8217;ye d\u00f6nen Prof. Dr. Sadi Irmak&#8217;\u0131 k\u0131z\u0131 Prof. Dr. Yakut Irmak \u00d6zden ile konu\u015ftuk<\/span><span style=\"font-weight: 400;\">.<\/span><\/p>\n<p>Keyifli okumalar!<\/p>\n<p><a href=\"https:\/\/aposto.com\/s\/tiptan-siyasete-kivilcimdan-aleve-prof-dr-sadi-irmak\" target=\"_blank\" rel=\"noopener\">Aposto | T\u0131ptan siyasete, k\u0131v\u0131lc\u0131mdan aleve: Prof. Dr. Sadi Irmak<\/a>[\/vc_column_text][divider line_type=&#8221;Full Width Line&#8221; line_thickness=&#8221;1&#8243; divider_color=&#8221;accent-color&#8221;][vc_column_text]<span style=\"font-weight: 400;\"><a href=\"https:\/\/aposto.com\/\" target=\"_blank\" rel=\"noopener\">APOSTO<\/a><a href=\"https:\/\/aposto.com\/\" target=\"_blank\" rel=\"noopener\"><img loading=\"lazy\" decoding=\"async\" class=\"alignleft wp-image-6721\" src=\"https:\/\/cumhuriyetinaydinlanmaonculeri.com\/wp-content\/uploads\/2024\/02\/Ekrem_Akurgal.png\" alt=\"\" width=\"250\" height=\"185\" srcset=\"https:\/\/cumhuriyetinaydinlanmaonculeri.com\/wp-content\/uploads\/2024\/02\/Ekrem_Akurgal.png 600w, https:\/\/cumhuriyetinaydinlanmaonculeri.com\/wp-content\/uploads\/2024\/02\/Ekrem_Akurgal-300x223.png 300w\" sizes=\"auto, (max-width: 250px) 100vw, 250px\" \/><\/a> yay\u0131nlar\u0131m\u0131za bir yenisi daha eklendi! T\u00fcrkiye\u2019de arkeoloji denildi\u011finde akla gelen ilk isimlerden Ekrem Akurgal&#8217;\u0131, bayra\u011f\u0131 babas\u0131ndan devralarak T\u00fcrkiye&#8217;nin m\u00fchendislik alan\u0131nda \u00f6nde gelen isimlerinden olan o\u011flu Ali Akurgal anlatt\u0131. <\/span><\/p>\n<p><span style=\"font-weight: 400;\">Keyifli okumalar.<\/span><\/p>\n<p><a href=\"https:\/\/aposto.com\/s\/turkiye-arkeolojisinin-buyuk-hazinesi-ekrem-akurgal?utm_source=aposto\" target=\"_blank\" rel=\"noopener\">Aposto | T\u00fcrkiye arkeolojisinin b\u00fcy\u00fck hazinesi: Ekrem Akurgal<\/a>[\/vc_column_text][divider line_type=&#8221;Full Width Line&#8221; line_thickness=&#8221;1&#8243; divider_color=&#8221;accent-color&#8221;][vc_column_text]<span style=\"font-weight: 400;\"><img loading=\"lazy\" decoding=\"async\" class=\"alignleft wp-image-6716\" src=\"https:\/\/cumhuriyetinaydinlanmaonculeri.com\/wp-content\/uploads\/2024\/01\/Ihsan_Ketin.png\" alt=\"\" width=\"250\" height=\"140\" srcset=\"https:\/\/cumhuriyetinaydinlanmaonculeri.com\/wp-content\/uploads\/2024\/01\/Ihsan_Ketin.png 600w, https:\/\/cumhuriyetinaydinlanmaonculeri.com\/wp-content\/uploads\/2024\/01\/Ihsan_Ketin-300x169.png 300w\" sizes=\"auto, (max-width: 250px) 100vw, 250px\" \/><a href=\"https:\/\/aposto.com\/\" target=\"_blank\" rel=\"noopener\">APOSTO<\/a> yay\u0131nlar\u0131m\u0131z devam ediyor! Kuzey Anadolu Fay Hatt\u0131\u2019n\u0131n ka\u015fifi jeoloji profes\u00f6r\u00fc\u00a0 \u0130hsan Ketin&#8217;i, \u00f6\u011frencisi Prof. Dr. Celal \u015eeng\u00f6r ile konu\u015ftuk. <\/span><span style=\"font-weight: 400;\">Keyifli okumalar.<\/span><\/p>\n<p><a href=\"https:\/\/aposto.com\/s\/kuzey-anadolu-fay-hattinin-kasifi-ihsan-ketin\" target=\"_blank\" rel=\"noopener\">Aposto | Kuzey Anadolu Fay Hatt\u0131\u2019n\u0131n ka\u015fifi: \u0130hsan Ketin<\/a>[\/vc_column_text][divider line_type=&#8221;Full Width Line&#8221; line_thickness=&#8221;1&#8243; divider_color=&#8221;accent-color&#8221;][vc_column_text]<span style=\"font-weight: 400;\"><a href=\"https:\/\/aposto.com\/\" target=\"_blank\" rel=\"noopener\"><img loading=\"lazy\" decoding=\"async\" class=\"size-full wp-image-6696 alignleft\" src=\"https:\/\/cumhuriyetinaydinlanmaonculeri.com\/wp-content\/uploads\/2024\/01\/Bengutas-e1705080506927.gif\" alt=\"\" width=\"250\" height=\"150\" \/>APOSTO<\/a>\u00a0i\u015fbirli\u011fiyle ger\u00e7ekle\u015ftirdi\u011fimiz yaz\u0131 dizimizin 2024 y\u0131l\u0131ndaki ilk yaz\u0131s\u0131nda Mustafa Kemal Atat\u00fcrk, Ahmet H\u00e2\u015fim, Bedia Muvahhit, Prof. Dr. \u00c2kil Muhtar, Hakk\u0131 \u015einasi Pa\u015fa gibi bir\u00e7ok ismin heykel ve b\u00fcst\u00fcn\u00fc sanat tarihine kazand\u0131ran, \u00fclkemizde cumhuriyet d\u00f6nemi ile ba\u015flayan heykelt\u0131ra\u015fl\u0131k mesle\u011finin kad\u0131nlar aras\u0131ndaki \u00f6nc\u00fcs\u00fc Sabiha Ziya Beng\u00fcta\u015f&#8217;\u0131, Prof. Dr. Nil\u00fcfer \u00d6ndin ile konu\u015ftuk. <\/span><span style=\"font-weight: 400;\">Keyifli okumalar.<br \/>\n<\/span><a href=\"https:\/\/aposto.com\/s\/turkiyenin-ilk-kadin-heykeltirasi-sabiha-bengutas\" target=\"_blank\" rel=\"noopener\">Aposto | T\u00fcrkiye\u2019nin ilk kad\u0131n heykelt\u0131ra\u015f\u0131: Sabiha Beng\u00fcta\u015f<\/a>[\/vc_column_text][divider line_type=&#8221;Full Width Line&#8221; line_thickness=&#8221;1&#8243; divider_color=&#8221;accent-color&#8221;][vc_column_text]<span style=\"font-weight: 400;\"><a href=\"https:\/\/aposto.com\/\" target=\"_blank\" rel=\"noopener\">APOSTO<\/a><a href=\"https:\/\/aposto.com\/\" target=\"_blank\" rel=\"noopener\"><img loading=\"lazy\" decoding=\"async\" class=\"alignleft wp-image-6686\" src=\"https:\/\/cumhuriyetinaydinlanmaonculeri.com\/wp-content\/uploads\/2023\/12\/Nejat_Eczacibasi_2.jpg\" alt=\"\" width=\"250\" height=\"208\" srcset=\"https:\/\/cumhuriyetinaydinlanmaonculeri.com\/wp-content\/uploads\/2023\/12\/Nejat_Eczacibasi_2.jpg 877w, https:\/\/cumhuriyetinaydinlanmaonculeri.com\/wp-content\/uploads\/2023\/12\/Nejat_Eczacibasi_2-300x250.jpg 300w, https:\/\/cumhuriyetinaydinlanmaonculeri.com\/wp-content\/uploads\/2023\/12\/Nejat_Eczacibasi_2-768x640.jpg 768w\" sizes=\"auto, (max-width: 250px) 100vw, 250px\" \/><\/a> i\u015fbirli\u011fiyle ger\u00e7ekle\u015ftirdi\u011fimiz yaz\u0131 dizimizin 2023 y\u0131l\u0131ndaki son yaz\u0131s\u0131nda \u00fclkemizin ekonomik, toplumsal ve k\u00fclt\u00fcrel ya\u015fam\u0131na pek \u00e7ok kal\u0131c\u0131 eser kazand\u0131ran, Eczac\u0131ba\u015f\u0131 Toplulu\u011fu\u2019nun kurucusu Dr. Nejat F. Eczac\u0131ba\u015f\u0131&#8217;n\u0131 anlatt\u0131k. <\/span><\/p>\n<p><span style=\"font-weight: 400;\">Nejat Eczac\u0131ba\u015f\u0131\u2019n\u0131n ya\u015fam \u00f6yk\u00fcs\u00fcn\u00fc ve d\u00fc\u015f\u00fcnce d\u00fcnyas\u0131n\u0131, Eczac\u0131ba\u015f\u0131 Holding Y\u00f6netim Kurulu Ba\u015fkan\u0131, b\u00fcy\u00fck o\u011flu B\u00fclent Eczac\u0131ba\u015f\u0131 ile konu\u015ftuk.\u00a0<\/span><span style=\"font-weight: 400;\">Keyifli okumalar.<\/span><\/p>\n<p><a href=\"https:\/\/aposto.com\/s\/cagdaslasma-yolunda-cok-yonlu-bir-girisimci-nejat-eczacibasi\" target=\"_blank\" rel=\"noopener\">Aposto | \u00c7a\u011fda\u015fla\u015fma yolunda \u00e7ok y\u00f6nl\u00fc bir giri\u015fimci: Nejat Eczac\u0131ba\u015f\u0131<\/a><\/p>\n[\/vc_column_text][divider line_type=&#8221;Full Width Line&#8221; line_thickness=&#8221;1&#8243; divider_color=&#8221;accent-color&#8221;][vc_column_text]<span style=\"font-weight: 400;\"><a href=\"https:\/\/aposto.com\/\" target=\"_blank\" rel=\"noopener\">APOSTO<\/a><a href=\"https:\/\/aposto.com\/\" target=\"_blank\" rel=\"noopener\"><img loading=\"lazy\" decoding=\"async\" class=\"alignleft wp-image-6685\" src=\"https:\/\/cumhuriyetinaydinlanmaonculeri.com\/wp-content\/uploads\/2023\/12\/Kamile_Sevki.jpg\" alt=\"\" width=\"250\" height=\"150\" srcset=\"https:\/\/cumhuriyetinaydinlanmaonculeri.com\/wp-content\/uploads\/2023\/12\/Kamile_Sevki.jpg 688w, https:\/\/cumhuriyetinaydinlanmaonculeri.com\/wp-content\/uploads\/2023\/12\/Kamile_Sevki-300x180.jpg 300w\" sizes=\"auto, (max-width: 250px) 100vw, 250px\" \/><\/a> i\u015fbirli\u011fiyle ger\u00e7ekle\u015ftirdi\u011fimiz yaz\u0131 dizimizde bu kez<\/span> ilk kad\u0131n t\u0131p profes\u00f6r\u00fcm\u00fcz Kamile \u015eevki Mutlu\u2019yu ele ald\u0131k. Patoloji uzman\u0131 Prof. S\u0131tk\u0131 Tuzlal\u0131 sorular\u0131m\u0131z\u0131 bizler i\u00e7in cevaplad\u0131. \u0130yi okumalar dileriz.<\/p>\n<p><a href=\"https:\/\/aposto.com\/s\/turkiyenin-ilk-kadin-tip-profesoru-kamile-sevki-mutlu\" target=\"_blank\" rel=\"noopener\">Aposto | \u0130lk kad\u0131n t\u0131p profes\u00f6r\u00fcm\u00fcz Kamile \u015eevki Mutlu<\/a><\/p>\n<p>&nbsp;<\/p>\n[\/vc_column_text][divider line_type=&#8221;Full Width Line&#8221; line_thickness=&#8221;1&#8243; divider_color=&#8221;accent-color&#8221;][vc_column_text]<span style=\"font-weight: 400;\"><img loading=\"lazy\" decoding=\"async\" class=\"alignleft wp-image-6682\" src=\"https:\/\/cumhuriyetinaydinlanmaonculeri.com\/wp-content\/uploads\/2023\/12\/CAO_Aposto_Aydin_Sayili.webp\" alt=\"\" width=\"250\" height=\"125\" srcset=\"https:\/\/cumhuriyetinaydinlanmaonculeri.com\/wp-content\/uploads\/2023\/12\/CAO_Aposto_Aydin_Sayili.webp 600w, https:\/\/cumhuriyetinaydinlanmaonculeri.com\/wp-content\/uploads\/2023\/12\/CAO_Aposto_Aydin_Sayili-300x151.webp 300w\" sizes=\"auto, (max-width: 250px) 100vw, 250px\" \/><a href=\"https:\/\/aposto.com\/\" target=\"_blank\" rel=\"noopener\">APOSTO<\/a>\u00a0i\u015fbirli\u011fiyle ger\u00e7ekle\u015ftirdi\u011fimiz yaz\u0131 dizimiz d\u00fcnyan\u0131n ilk doktoral\u0131 bilim tarih\u00e7isi Prof. Dr. Ayd\u0131n Say\u0131l\u0131 ile devam ediyor. Kendisiyle \u00e7al\u0131\u015fma imkan\u0131 bulmu\u015f olan sosyolog Dr. Dursun Ayan ile Ayd\u0131n Say\u0131l\u0131 hakk\u0131nda konu\u015ftuk.<\/span><span style=\"font-weight: 400;\">\u00a0Keyifli okumalar.<\/span><\/p>\n<p><a href=\"https:\/\/aposto.com\/s\/dunyanin-ilk-doktorali-bilim-tarihcisi-ord-prof-dr-aydin-sayili\" target=\"_blank\" rel=\"noopener\">Aposto | D\u00fcnyan\u0131n ilk doktoral\u0131 bilim tarih\u00e7isi: Ord. Prof. Dr. Ayd\u0131n Say\u0131l\u0131<\/a><\/p>\n[\/vc_column_text][divider line_type=&#8221;Full Width Line&#8221; line_thickness=&#8221;1&#8243; divider_color=&#8221;accent-color&#8221;][vc_column_text]<span style=\"font-weight: 400;\"><a href=\"https:\/\/www.herkesebilimteknoloji.com\/\" target=\"_blank\" rel=\"noopener\"><img loading=\"lazy\" decoding=\"async\" class=\"alignleft wp-image-6674\" src=\"https:\/\/cumhuriyetinaydinlanmaonculeri.com\/wp-content\/uploads\/2023\/12\/HBT_Aydin_Sayili.jpg\" alt=\"\" width=\"250\" height=\"160\" srcset=\"https:\/\/cumhuriyetinaydinlanmaonculeri.com\/wp-content\/uploads\/2023\/12\/HBT_Aydin_Sayili.jpg 1284w, https:\/\/cumhuriyetinaydinlanmaonculeri.com\/wp-content\/uploads\/2023\/12\/HBT_Aydin_Sayili-300x192.jpg 300w, https:\/\/cumhuriyetinaydinlanmaonculeri.com\/wp-content\/uploads\/2023\/12\/HBT_Aydin_Sayili-1024x656.jpg 1024w, https:\/\/cumhuriyetinaydinlanmaonculeri.com\/wp-content\/uploads\/2023\/12\/HBT_Aydin_Sayili-768x492.jpg 768w\" sizes=\"auto, (max-width: 250px) 100vw, 250px\" \/><\/a><a href=\"https:\/\/www.herkesebilimteknoloji.com\/\" target=\"_blank\" rel=\"noopener\">Herkese Bilim ve Teknoloji (HBT) Dergisi<\/a>\u00a0i\u015fbirli\u011fi ile y\u00fcr\u00fctt\u00fc\u011f\u00fcm\u00fcz yaz\u0131 dizimiz devam ediyor!<br \/>\n<\/span>14\u00a0 Aral\u0131k 2023 tarihli ve 401. say\u0131l\u0131 HBT Dergisi&#8217;nde \u201cBilim Tarihinin G\u00f6rkemli \u00c7\u0131nar\u0131: Ayd\u0131n Say\u0131l\u0131\u201d ba\u015fl\u0131\u011f\u0131yla &#8220;k\u0131v\u0131lc\u0131mlar&#8221; hakk\u0131ndaki ikinci yaz\u0131m\u0131z\u0131 bulabilirsiniz.<\/p>\n<p><a href=\"https:\/\/cumhuriyetinaydinlanmaonculeri.com\/wp-content\/uploads\/2023\/12\/HBT_CAO__Aydin_Sayili.pdf\" target=\"_blank\" rel=\"noopener\">HBT Dergisi I Bilim Tarihinin G\u00f6rkemli \u00c7\u0131nar\u0131: Ayd\u0131n Say\u0131l\u0131<\/a>[\/vc_column_text][divider line_type=&#8221;Full Width Line&#8221; line_thickness=&#8221;1&#8243; divider_color=&#8221;accent-color&#8221;][vc_column_text]<span style=\"font-weight: 400;\"><a href=\"https:\/\/aposto.com\/\" target=\"_blank\" rel=\"noopener\">APOSTO<\/a><a href=\"https:\/\/aposto.com\/s\/cagdas-muzigin-ilk-kusagindan-mustakil-sesler-turk-besleri\" target=\"_blank\" rel=\"noopener\"><img loading=\"lazy\" decoding=\"async\" class=\"alignleft wp-image-6666\" src=\"https:\/\/cumhuriyetinaydinlanmaonculeri.com\/wp-content\/uploads\/2023\/12\/Turk_Besleri.jpg\" alt=\"\" width=\"250\" height=\"169\" srcset=\"https:\/\/cumhuriyetinaydinlanmaonculeri.com\/wp-content\/uploads\/2023\/12\/Turk_Besleri.jpg 881w, https:\/\/cumhuriyetinaydinlanmaonculeri.com\/wp-content\/uploads\/2023\/12\/Turk_Besleri-300x202.jpg 300w, https:\/\/cumhuriyetinaydinlanmaonculeri.com\/wp-content\/uploads\/2023\/12\/Turk_Besleri-768x518.jpg 768w, https:\/\/cumhuriyetinaydinlanmaonculeri.com\/wp-content\/uploads\/2023\/12\/Turk_Besleri-600x403.jpg 600w, https:\/\/cumhuriyetinaydinlanmaonculeri.com\/wp-content\/uploads\/2023\/12\/Turk_Besleri-400x269.jpg 400w\" sizes=\"auto, (max-width: 250px) 100vw, 250px\" \/><\/a> i\u015fbirli\u011fiyle ger\u00e7ekle\u015ftirdi\u011fimiz yaz\u0131 dizimiz \u00e7ok sesli m\u00fcthi\u015f bir yaz\u0131yla devam ediyor. \u00c7a\u011fda\u015f m\u00fczi\u011fin ilk ku\u015fa\u011f\u0131ndan m\u00fcstakil sesler olarak bildi\u011fimiz &#8220;T\u00fcrk Be\u015fleri&#8221;ni Dr. Orhan Veli \u00d6zbayrak ile de\u011ferlendirdik.<\/span><span style=\"font-weight: 400;\">\u00a0Keyifli okumalar.<\/span><\/p>\n<p><a href=\"https:\/\/aposto.com\/s\/cagdas-muzigin-ilk-kusagindan-mustakil-sesler-turk-besleri\" target=\"_blank\" rel=\"noopener\">Aposto | \u00c7a\u011fda\u015f m\u00fczi\u011fin ilk ku\u015fa\u011f\u0131ndan m\u00fcstakil sesler: T\u00fcrk Be\u015fleri<\/a><\/p>\n<p>&nbsp;<\/p>\n[\/vc_column_text][divider line_type=&#8221;Full Width Line&#8221; line_thickness=&#8221;1&#8243; divider_color=&#8221;accent-color&#8221;][vc_column_text]<span style=\"font-weight: 400;\"><a href=\"https:\/\/aposto.com\/\" target=\"_blank\" rel=\"noopener\">APOSTO<\/a><img loading=\"lazy\" decoding=\"async\" class=\"wp-image-6562 size-full alignleft\" src=\"https:\/\/cumhuriyetinaydinlanmaonculeri.com\/wp-content\/uploads\/2023\/12\/Nuzhet-e1720106303396.jpeg\" alt=\"\" width=\"250\" height=\"160\" \/> i\u015fbirli\u011fiyle ger\u00e7ekle\u015ftirdi\u011fimiz &#8220;Cumhuriyetin Ayd\u0131nlanma \u00d6nc\u00fcleri&#8221; dizisinin ikinci yaz\u0131s\u0131nda T\u00fcrkiye\u2019nin ilk kad\u0131n astronomu, dekan\u0131 ve senat\u00f6r\u00fc Prof. Dr. N\u00fczhet Toydemir G\u00f6kdo\u011fan var.<br \/>\n\u0130stanbul K\u00fclt\u00fcr \u00dcniversitesi Fizik B\u00f6l\u00fcm\u00fc&#8217;nden Prof. Dr. Dursun Ko\u00e7er, hocas\u0131 N\u00fczhet G\u00f6kdo\u011fan&#8217;\u0131 ve d\u00fcnden bug\u00fcne T\u00fcrkiye&#8217;de astronominin yolculu\u011funu anlat\u0131yor.<\/span><span style=\"font-weight: 400;\">\u00a0Keyifli okumalar.<\/span><\/p>\n<p><a href=\"https:\/\/aposto.com\/s\/goge-bakan-bir-cift-goz-gokbilimin-oncusu-nuzhet-gokdogan\" target=\"_blank\" rel=\"noopener\">Aposto | G\u00f6\u011fe bakan bir \u00e7ift g\u00f6z: G\u00f6kbilimin \u00f6nc\u00fcs\u00fc N\u00fczhet G\u00f6kdo\u011fan<\/a>[\/vc_column_text][divider line_type=&#8221;Full Width Line&#8221; line_thickness=&#8221;1&#8243; divider_color=&#8221;accent-color&#8221;][vc_column_text]<span style=\"font-weight: 400;\"><a href=\"https:\/\/aposto.com\/\" target=\"_blank\" rel=\"noopener\">APOSTO<\/a><a href=\"https:\/\/aposto.com\/s\/bir-zamanlar-beyin-gocu\" target=\"_blank\" rel=\"noopener\"><img loading=\"lazy\" decoding=\"async\" class=\"alignleft wp-image-6565\" src=\"https:\/\/cumhuriyetinaydinlanmaonculeri.com\/wp-content\/uploads\/2023\/12\/Soylesi_1.jpeg\" alt=\"\" width=\"250\" height=\"180\" srcset=\"https:\/\/cumhuriyetinaydinlanmaonculeri.com\/wp-content\/uploads\/2023\/12\/Soylesi_1.jpeg 600w, https:\/\/cumhuriyetinaydinlanmaonculeri.com\/wp-content\/uploads\/2023\/12\/Soylesi_1-300x217.jpeg 300w\" sizes=\"auto, (max-width: 250px) 100vw, 250px\" \/><\/a> i\u015fbirli\u011fiyle ger\u00e7ekle\u015ftirdi\u011fimiz 15 makalelik yaz\u0131 dizimiz yay\u0131na ba\u015flad\u0131!<br \/>\n<\/span>24 Kas\u0131m&#8217;a \u00f6zel ilk s\u00f6yle\u015fimizi Prof. Dr. Sel\u00e7uk \u015eirin ile yapt\u0131k ve y\u00fcksek \u00f6\u011freniminin ge\u00e7mi\u015fini ve bug\u00fcn\u00fcn\u00fc de\u011ferlendirdik. Keyifli okumalar.<\/p>\n<p><a href=\"https:\/\/aposto.com\/s\/bir-zamanlar-beyin-gocu\" target=\"_blank\" rel=\"noopener\">Aposto I Bir Zamanlar Beyin G\u00f6\u00e7\u00fc<\/a><\/p>\n<p>&nbsp;<\/p>\n[\/vc_column_text][divider line_type=&#8221;Full Width Line&#8221; line_thickness=&#8221;1&#8243; divider_color=&#8221;accent-color&#8221;][vc_column_text]<span style=\"font-weight: 400;\"><a href=\"https:\/\/www.herkesebilimteknoloji.com\/\" target=\"_blank\" rel=\"noopener\">Herkese Bilim ve Teknoloji (HBT) Dergisi<\/a><a href=\"https:\/\/www.herkesebilimteknoloji.com\/\" target=\"_blank\" rel=\"noopener\"><img loading=\"lazy\" decoding=\"async\" class=\"alignleft wp-image-6590\" src=\"https:\/\/cumhuriyetinaydinlanmaonculeri.com\/wp-content\/uploads\/2023\/12\/Jale.jpg\" alt=\"\" width=\"250\" height=\"190\" srcset=\"https:\/\/cumhuriyetinaydinlanmaonculeri.com\/wp-content\/uploads\/2023\/12\/Jale.jpg 730w, https:\/\/cumhuriyetinaydinlanmaonculeri.com\/wp-content\/uploads\/2023\/12\/Jale-300x228.jpg 300w\" sizes=\"auto, (max-width: 250px) 100vw, 250px\" \/><\/a> i\u015fbirli\u011fi ile y\u00fcr\u00fctt\u00fc\u011f\u00fcm\u00fcz yaz\u0131 dizimiz yay\u0131na ba\u015flad\u0131!<br \/>\n<\/span>16 Kas\u0131m 2023 tarihli ve 397. say\u0131l\u0131 HBT Dergisi&#8217;nde \u201cArkeolojinin sayg\u0131n han\u0131mefendisi: Jale I\u0307nan\u201d ba\u015fl\u0131\u011f\u0131yla &#8220;k\u0131v\u0131lc\u0131mlar&#8221; hakk\u0131ndaki ilk yaz\u0131m\u0131z\u0131 bulabilirsiniz.<\/p>\n<p><a href=\"https:\/\/cumhuriyetinaydinlanmaonculeri.com\/wp-content\/uploads\/2023\/12\/HBT_Jale_Inan_3.pdf\" target=\"_blank\" rel=\"noopener\">HBT Dergisi I Arkeolojinin Sayg\u0131n Han\u0131mefendisi: Jale I\u0307nan<\/a><\/p>\n<p>&nbsp;<\/p>\n[\/vc_column_text][divider line_type=&#8221;Full Width Line&#8221; line_thickness=&#8221;1&#8243; divider_color=&#8221;accent-color&#8221;][vc_column_text]<span style=\"font-weight: 400;\"><img loading=\"lazy\" decoding=\"async\" class=\"alignleft wp-image-6592\" src=\"https:\/\/cumhuriyetinaydinlanmaonculeri.com\/wp-content\/uploads\/2023\/12\/HBT_372.jpg\" alt=\"\" width=\"250\" height=\"138\" srcset=\"https:\/\/cumhuriyetinaydinlanmaonculeri.com\/wp-content\/uploads\/2023\/12\/HBT_372.jpg 950w, https:\/\/cumhuriyetinaydinlanmaonculeri.com\/wp-content\/uploads\/2023\/12\/HBT_372-300x165.jpg 300w, https:\/\/cumhuriyetinaydinlanmaonculeri.com\/wp-content\/uploads\/2023\/12\/HBT_372-768x424.jpg 768w\" sizes=\"auto, (max-width: 250px) 100vw, 250px\" \/>Projemize dair bas\u0131nda ilk yaz\u0131, Herkese Bilim ve Teknoloji dergisinin, 18 May\u0131s 2023 tarihli 372. say\u0131s\u0131nda \u201cAtat\u00fcrk\u2019\u00fcn e\u011fitim k\u0131v\u0131lc\u0131mlar\u0131ndan, Cumhuriyet\u2019in ayd\u0131nlanma \u00f6nc\u00fclerine&#8230;\u201d ba\u015fl\u0131\u011f\u0131yla yay\u0131mland\u0131: <\/span><\/p>\n<p><a href=\"https:\/\/cumhuriyetinaydinlanmaonculeri.com\/wp-content\/uploads\/2023\/12\/HBT_CAO_Yazisi_18052023.pdf\" target=\"_blank\" rel=\"noopener\">HBT Dergisi I Atat\u00fcrk&#8217;\u00fcn E\u011fitim K\u0131v\u0131lc\u0131mlar\u0131ndan Cumhuriyetin Ayd\u0131nlanma \u00d6nc\u00fclerine<\/a><\/p>\n<p>&nbsp;<\/p>\n[\/vc_column_text][divider line_type=&#8221;Full Width Line&#8221; line_thickness=&#8221;1&#8243; divider_color=&#8221;accent-color&#8221;][vc_column_text]<span style=\"font-weight: 400;\"><img loading=\"lazy\" decoding=\"async\" class=\"alignleft wp-image-6596\" src=\"https:\/\/cumhuriyetinaydinlanmaonculeri.com\/wp-content\/uploads\/2023\/12\/Aposto_Gundem.jpg\" alt=\"\" width=\"250\" height=\"73\" srcset=\"https:\/\/cumhuriyetinaydinlanmaonculeri.com\/wp-content\/uploads\/2023\/12\/Aposto_Gundem.jpg 392w, https:\/\/cumhuriyetinaydinlanmaonculeri.com\/wp-content\/uploads\/2023\/12\/Aposto_Gundem-300x87.jpg 300w\" sizes=\"auto, (max-width: 250px) 100vw, 250px\" \/>Bas\u0131n partnerlerimizden <a href=\"https:\/\/aposto.com\/\" target=\"_blank\" rel=\"noopener\">APOSTO<\/a>\u2019nun Ekipten \u00d6neriler k\u00f6\u015fesinde <\/span><a href=\"https:\/\/aposto.com\/s\/646c98ffded8fb0006003bd6\" target=\"_blank\" rel=\"noopener\"><span style=\"font-weight: 400;\">24 May\u0131s <\/span><\/a><span style=\"font-weight: 400;\">ve <\/span><a href=\"https:\/\/aposto.com\/s\/647f1266d23a8d000699cd3c\" target=\"_blank\" rel=\"noopener\"><span style=\"font-weight: 400;\">7 Haziran <\/span><\/a><span style=\"font-weight: 400;\">tarihlerinde yer ald\u0131k.<\/span><\/p>\n<p>&nbsp;<\/p>\n[\/vc_column_text][divider line_type=&#8221;Full Width Line&#8221; line_thickness=&#8221;1&#8243; divider_color=&#8221;accent-color&#8221;][vc_column_text]<img loading=\"lazy\" decoding=\"async\" class=\"alignleft wp-image-6161\" src=\"https:\/\/cumhuriyetinaydinlanmaonculeri.com\/wp-content\/uploads\/2023\/07\/unnamed.jpg\" alt=\"\" width=\"250\" height=\"250\" srcset=\"https:\/\/cumhuriyetinaydinlanmaonculeri.com\/wp-content\/uploads\/2023\/07\/unnamed.jpg 900w, https:\/\/cumhuriyetinaydinlanmaonculeri.com\/wp-content\/uploads\/2023\/07\/unnamed-300x300.jpg 300w, https:\/\/cumhuriyetinaydinlanmaonculeri.com\/wp-content\/uploads\/2023\/07\/unnamed-150x150.jpg 150w, https:\/\/cumhuriyetinaydinlanmaonculeri.com\/wp-content\/uploads\/2023\/07\/unnamed-768x768.jpg 768w, https:\/\/cumhuriyetinaydinlanmaonculeri.com\/wp-content\/uploads\/2023\/07\/unnamed-100x100.jpg 100w, https:\/\/cumhuriyetinaydinlanmaonculeri.com\/wp-content\/uploads\/2023\/07\/unnamed-140x140.jpg 140w, https:\/\/cumhuriyetinaydinlanmaonculeri.com\/wp-content\/uploads\/2023\/07\/unnamed-500x500.jpg 500w, https:\/\/cumhuriyetinaydinlanmaonculeri.com\/wp-content\/uploads\/2023\/07\/unnamed-350x350.jpg 350w, https:\/\/cumhuriyetinaydinlanmaonculeri.com\/wp-content\/uploads\/2023\/07\/unnamed-800x800.jpg 800w\" sizes=\"auto, (max-width: 250px) 100vw, 250px\" \/>MSI dergisinin 235. say\u0131s\u0131nda proje ekibimizle yap\u0131lan s\u00f6yle\u015fiye geni\u015f yer verildi: \u2018Cumhuriyetin Ayd\u0131nlanma \u00d6nc\u00fcleri Projesi, Erken Cumhuriyet D\u00f6neminin E\u011fitim ve Bilim Vizyonuna I\u015f\u0131k Tutuyor\u2019<\/p>\n<p><a href=\"https:\/\/cumhuriyetinaydinlanmaonculeri.com\/wp-content\/uploads\/2023\/07\/Cumhuriyetin-Aydinlanma-Onculeri-MSI-soylesi_compressed_compressed.pdf\" target=\"_blank\" rel=\"noopener\">MSI Dergisi 235. say\u0131<\/a><\/p>\n<p>&nbsp;<\/p>\n<p>&nbsp;<\/p>\n<p>&nbsp;<\/p>\n[\/vc_column_text][divider line_type=&#8221;Full Width Line&#8221; line_thickness=&#8221;1&#8243; divider_color=&#8221;accent-color&#8221;][\/vc_column][\/vc_row]\n","protected":false},"excerpt":{"rendered":"<p>[vc_row type=&#8221;in_container&#8221; full_screen_row_position=&#8221;middle&#8221; column_margin=&#8221;default&#8221; column_direction=&#8221;default&#8221; column_direction_tablet=&#8221;default&#8221; column_direction_phone=&#8221;default&#8221; scene_position=&#8221;center&#8221; text_color=&#8221;dark&#8221; text_align=&#8221;left&#8221; row_border_radius=&#8221;none&#8221; row_border_radius_applies=&#8221;bg&#8221; overflow=&#8221;visible&#8221; overlay_strength=&#8221;0.3&#8243; gradient_direction=&#8221;left_to_right&#8221; shape_divider_position=&#8221;bottom&#8221; bg_image_animation=&#8221;none&#8221;][vc_column column_padding=&#8221;no-extra-padding&#8221; column_padding_tablet=&#8221;inherit&#8221; column_padding_phone=&#8221;inherit&#8221; column_padding_position=&#8221;all&#8221; column_element_direction_desktop=&#8221;default&#8221; column_element_spacing=&#8221;default&#8221; desktop_text_alignment=&#8221;default&#8221; tablet_text_alignment=&#8221;default&#8221; phone_text_alignment=&#8221;default&#8221; background_color_opacity=&#8221;1&#8243; background_hover_color_opacity=&#8221;1&#8243; column_backdrop_filter=&#8221;none&#8221; column_shadow=&#8221;none&#8221;&#8230;<\/p>\n","protected":false},"author":1,"featured_media":0,"parent":0,"menu_order":0,"comment_status":"closed","ping_status":"closed","template":"","meta":{"footnotes":""},"class_list":["post-6112","page","type-page","status-publish"],"_links":{"self":[{"href":"https:\/\/cumhuriyetinaydinlanmaonculeri.com\/index.php\/wp-json\/wp\/v2\/pages\/6112","targetHints":{"allow":["GET"]}}],"collection":[{"href":"https:\/\/cumhuriyetinaydinlanmaonculeri.com\/index.php\/wp-json\/wp\/v2\/pages"}],"about":[{"href":"https:\/\/cumhuriyetinaydinlanmaonculeri.com\/index.php\/wp-json\/wp\/v2\/types\/page"}],"author":[{"embeddable":true,"href":"https:\/\/cumhuriyetinaydinlanmaonculeri.com\/index.php\/wp-json\/wp\/v2\/users\/1"}],"replies":[{"embeddable":true,"href":"https:\/\/cumhuriyetinaydinlanmaonculeri.com\/index.php\/wp-json\/wp\/v2\/comments?post=6112"}],"version-history":[{"count":130,"href":"https:\/\/cumhuriyetinaydinlanmaonculeri.com\/index.php\/wp-json\/wp\/v2\/pages\/6112\/revisions"}],"predecessor-version":[{"id":6802,"href":"https:\/\/cumhuriyetinaydinlanmaonculeri.com\/index.php\/wp-json\/wp\/v2\/pages\/6112\/revisions\/6802"}],"wp:attachment":[{"href":"https:\/\/cumhuriyetinaydinlanmaonculeri.com\/index.php\/wp-json\/wp\/v2\/media?parent=6112"}],"curies":[{"name":"wp","href":"https:\/\/api.w.org\/{rel}","templated":true}]}}